{"id":199,"date":"2024-01-29T09:33:42","date_gmt":"2024-01-29T08:33:42","guid":{"rendered":"http:\/\/afirma-juridico.local\/?page_id=199"},"modified":"2024-09-25T12:49:07","modified_gmt":"2024-09-25T10:49:07","slug":"afirma-servicios-juridicos-y-mediacion","status":"publish","type":"page","link":"https:\/\/afirmajuridico.com\/cat\/afirma-servicios-juridicos-y-mediacion\/","title":{"rendered":"Afirma, Serveis Jur\u00eddics i Mediaci\u00f3"},"content":{"rendered":"<div data-elementor-type=\"wp-page\" data-elementor-id=\"199\" class=\"elementor elementor-199\" data-elementor-post-type=\"page\">\n\t\t\t\t<div class=\"elementor-element elementor-element-a78d9f0 e-flex e-con-boxed e-con e-parent\" data-id=\"a78d9f0\" data-element_type=\"container\" data-e-type=\"container\" data-settings=\"{&quot;background_background&quot;:&quot;classic&quot;}\">\n\t\t\t\t\t<div class=\"e-con-inner\">\n\t\t\t\t<div class=\"elementor-element elementor-element-0c431d3 elementor-widget elementor-widget-heading\" data-id=\"0c431d3\" data-element_type=\"widget\" data-e-type=\"widget\" data-widget_type=\"heading.default\">\n\t\t\t\t<div class=\"elementor-widget-container\">\n\t\t\t\t\t<h1 class=\"elementor-heading-title elementor-size-default\">Afirma, Serveis Jur\u00eddics i Mediaci\u00f3<\/h1>\t\t\t\t<\/div>\n\t\t\t\t<\/div>\n\t\t\t\t\t<\/div>\n\t\t\t\t<\/div>\n\t\t<div class=\"elementor-element elementor-element-87519b5 e-flex e-con-boxed e-con e-parent\" data-id=\"87519b5\" data-element_type=\"container\" data-e-type=\"container\">\n\t\t\t\t\t<div class=\"e-con-inner\">\n\t\t<div class=\"elementor-element elementor-element-94af150 e-con-full e-flex e-con e-child\" data-id=\"94af150\" data-element_type=\"container\" data-e-type=\"container\">\n\t\t\t\t<div class=\"elementor-element elementor-element-b1c9454 elementor-widget elementor-widget-image\" data-id=\"b1c9454\" data-element_type=\"widget\" data-e-type=\"widget\" data-widget_type=\"image.default\">\n\t\t\t\t<div class=\"elementor-widget-container\">\n\t\t\t\t\t\t\t\t\t\t\t\t\t\t\t<img fetchpriority=\"high\" decoding=\"async\" width=\"768\" height=\"1024\" src=\"https:\/\/afirmajuridico.com\/wp-content\/uploads\/2024\/09\/DSC3961-768x1024.jpg\" class=\"attachment-large size-large wp-image-1723\" alt=\"\" srcset=\"https:\/\/afirmajuridico.com\/wp-content\/uploads\/2024\/09\/DSC3961-768x1024.jpg 768w, https:\/\/afirmajuridico.com\/wp-content\/uploads\/2024\/09\/DSC3961-225x300.jpg 225w, https:\/\/afirmajuridico.com\/wp-content\/uploads\/2024\/09\/DSC3961-1152x1536.jpg 1152w, https:\/\/afirmajuridico.com\/wp-content\/uploads\/2024\/09\/DSC3961-9x12.jpg 9w, https:\/\/afirmajuridico.com\/wp-content\/uploads\/2024\/09\/DSC3961.jpg 1536w\" sizes=\"(max-width: 768px) 100vw, 768px\" \/>\t\t\t\t\t\t\t\t\t\t\t\t\t\t\t<\/div>\n\t\t\t\t<\/div>\n\t\t\t\t<\/div>\n\t\t<div class=\"elementor-element elementor-element-f31f35a e-con-full e-flex e-con e-child\" data-id=\"f31f35a\" data-element_type=\"container\" data-e-type=\"container\">\n\t\t\t\t<div class=\"elementor-element elementor-element-f5636d6 elementor-widget elementor-widget-text-editor\" data-id=\"f5636d6\" data-element_type=\"widget\" data-e-type=\"widget\" data-widget_type=\"text-editor.default\">\n\t\t\t\t<div class=\"elementor-widget-container\">\n\t\t\t\t\t\t\t\t\t<p>Advocat<\/p><p><strong>Antonio L\u00f3pez Gallego<\/strong><\/p><p>Antonio L\u00f3pez Gallego \u00e9s un advocat amb m\u00e9s de trenta anys d&#039;experi\u00e8ncia a l&#039;exercici del dret. Combinant l&#039;aplicaci\u00f3 del Dret amb la visi\u00f3 de negoci i la prevenci\u00f3 de riscos jur\u00eddics, ha decidit llan\u00e7ar el projecte Afirma, Serveis Jur\u00eddics i Mediaci\u00f3 per brindar assessoria legal a empreses i particulars.<\/p><p>La seva formaci\u00f3 inclou una llicenciatura en dret cursada a la Universitat Nacional d&#039;Educaci\u00f3 a Dist\u00e0ncia i la Universitat Aut\u00f2noma de Barcelona, aix\u00ed com cursos de postgrau en Dret Mercantil a la Universitat Polit\u00e8cnica de Madrid. A m\u00e9s, ha obtingut l&#039;especialitzaci\u00f3 com a Mediador a trav\u00e9s del programa de Mediaci\u00f3 Civil, Mercantil i Concursal de la Universitat Oberta de Catalunya.<\/p><p>Antonio L\u00f3pez Gallego no nom\u00e9s ha exercit el dret i ha tingut rols de lideratge en l&#039;\u00e0mbit legal i financer, sin\u00f3 que tamb\u00e9 ha compartit la seva experi\u00e8ncia a trav\u00e9s de la doc\u00e8ncia. Entre 1994 i 2014, va ser professor a diverses institucions acad\u00e8miques, impartint classes de Dret Mercantil a l&#039;Escola de Pr\u00e0ctica Jur\u00eddica del Col\u00b7legi d&#039;Advocats de Tarragona i al M\u00e0ster de l&#039;Advocacia de la Universitat Rovira i Virgili de Tarragona. A m\u00e9s, va ser professor al M\u00e0ster de Direcci\u00f3 Banc\u00e0ria de la Universitat de Barcelona. La seva \u00e0mplia traject\u00f2ria i experi\u00e8ncia en el camp del dret donen suport al seu comprom\u00eds amb \u00abAfirma, Serveis Jur\u00eddics i Mediaci\u00f3\u00bb.<\/p>\t\t\t\t\t\t\t\t<\/div>\n\t\t\t\t<\/div>\n\t\t\t\t<\/div>\n\t\t\t\t\t<\/div>\n\t\t\t\t<\/div>\n\t\t<div class=\"elementor-element elementor-element-17ab192 e-flex e-con-boxed e-con e-child\" data-id=\"17ab192\" data-element_type=\"container\" data-e-type=\"container\">\n\t\t\t\t\t<div class=\"e-con-inner\">\n\t\t<div class=\"elementor-element elementor-element-371f0a2 e-con-full e-flex e-con e-child\" data-id=\"371f0a2\" data-element_type=\"container\" data-e-type=\"container\">\n\t\t\t\t<\/div>\n\t\t\t\t<div class=\"elementor-element elementor-element-713b3d2 elementor-widget__width-initial elementor-widget-tablet__width-initial elementor-widget elementor-widget-heading\" data-id=\"713b3d2\" data-element_type=\"widget\" data-e-type=\"widget\" data-widget_type=\"heading.default\">\n\t\t\t\t<div class=\"elementor-widget-container\">\n\t\t\t\t\t<h2 class=\"elementor-heading-title elementor-size-default\">Instal\u00b7lacions<\/h2>\t\t\t\t<\/div>\n\t\t\t\t<\/div>\n\t\t<div class=\"elementor-element elementor-element-24cba7b e-con-full e-flex e-con e-child\" data-id=\"24cba7b\" data-element_type=\"container\" data-e-type=\"container\">\n\t\t\t\t<div class=\"elementor-element elementor-element-f4bb233 elementor-widget elementor-widget-heading\" data-id=\"f4bb233\" data-element_type=\"widget\" data-e-type=\"widget\" data-widget_type=\"heading.default\">\n\t\t\t\t<div class=\"elementor-widget-container\">\n\t\t\t\t\t<h2 class=\"elementor-heading-title elementor-size-default\">Compromisos<\/h2>\t\t\t\t<\/div>\n\t\t\t\t<\/div>\n\t\t\t\t<\/div>\n\t\t<div class=\"elementor-element elementor-element-7ad0145 e-flex e-con-boxed e-con e-child\" data-id=\"7ad0145\" data-element_type=\"container\" data-e-type=\"container\">\n\t\t\t\t\t<div class=\"e-con-inner\">\n\t\t\t\t\t<\/div>\n\t\t\t\t<\/div>\n\t\t\t\t\t<\/div>\n\t\t\t\t<\/div>\n\t\t<div class=\"elementor-element elementor-element-56559b6 e-flex e-con-boxed e-con e-parent\" data-id=\"56559b6\" data-element_type=\"container\" data-e-type=\"container\">\n\t\t\t\t\t<div class=\"e-con-inner\">\n\t\t\t\t<div class=\"elementor-element elementor-element-5846d4a elementor-view-default elementor-widget elementor-widget-icon\" data-id=\"5846d4a\" data-element_type=\"widget\" data-e-type=\"widget\" data-widget_type=\"icon.default\">\n\t\t\t\t<div class=\"elementor-widget-container\">\n\t\t\t\t\t\t\t<div class=\"elementor-icon-wrapper\">\n\t\t\t<div class=\"elementor-icon\">\n\t\t\t<svg aria-hidden=\"true\" class=\"e-font-icon-svg e-fas-angle-down\" viewbox=\"0 0 320 512\" xmlns=\"http:\/\/www.w3.org\/2000\/svg\"><path d=\"M143 352.3L7 216.3c-9.4-9.4-9.4-24.6 0-33.9l22.6-22.6c9.4-9.4 24.6-9.4 33.9 0l96.4 96.4 96.4-96.4c9.4-9.4 24.6-9.4 33.9 0l22.6 22.6c9.4 9.4 9.4 24.6 0 33.9l-136 136c-9.2 9.4-24.4 9.4-33.8 0z\"><\/path><\/svg>\t\t\t<\/div>\n\t\t<\/div>\n\t\t\t\t\t\t<\/div>\n\t\t\t\t<\/div>\n\t\t\t\t\t<\/div>\n\t\t\t\t<\/div>\n\t\t<div class=\"elementor-element elementor-element-aea79c7 e-flex e-con-boxed e-con e-parent\" data-id=\"aea79c7\" data-element_type=\"container\" data-e-type=\"container\">\n\t\t\t\t\t<div class=\"e-con-inner\">\n\t\t<div class=\"elementor-element elementor-element-ee17895 e-con-full e-flex e-con e-child\" data-id=\"ee17895\" data-element_type=\"container\" data-e-type=\"container\">\n\t\t\t\t<div class=\"elementor-element elementor-element-50531a7 elementor-widget elementor-widget-image\" data-id=\"50531a7\" data-element_type=\"widget\" data-e-type=\"widget\" data-widget_type=\"image.default\">\n\t\t\t\t<div class=\"elementor-widget-container\">\n\t\t\t\t\t\t\t\t\t\t\t\t\t\t\t<img decoding=\"async\" width=\"830\" height=\"633\" src=\"https:\/\/afirmajuridico.com\/wp-content\/uploads\/2024\/01\/Acceso-5b2f1c3c-1920w.webp\" class=\"attachment-large size-large wp-image-201\" alt=\"\" srcset=\"https:\/\/afirmajuridico.com\/wp-content\/uploads\/2024\/01\/Acceso-5b2f1c3c-1920w.webp 830w, https:\/\/afirmajuridico.com\/wp-content\/uploads\/2024\/01\/Acceso-5b2f1c3c-1920w-300x229.webp 300w, https:\/\/afirmajuridico.com\/wp-content\/uploads\/2024\/01\/Acceso-5b2f1c3c-1920w-768x586.webp 768w, https:\/\/afirmajuridico.com\/wp-content\/uploads\/2024\/01\/elementor\/thumbs\/Acceso-5b2f1c3c-1920w-qj5rktroly2rbwafeksi9fxyy5g08bn10ilf9aze0a.webp 442w\" sizes=\"(max-width: 830px) 100vw, 830px\" \/>\t\t\t\t\t\t\t\t\t\t\t\t\t\t\t<\/div>\n\t\t\t\t<\/div>\n\t\t\t\t<\/div>\n\t\t<div class=\"elementor-element elementor-element-f0aa1d6 e-con-full e-flex e-con e-child\" data-id=\"f0aa1d6\" data-element_type=\"container\" data-e-type=\"container\">\n\t\t\t\t<div class=\"elementor-element elementor-element-180d530 elementor-widget elementor-widget-heading\" data-id=\"180d530\" data-element_type=\"widget\" data-e-type=\"widget\" data-widget_type=\"heading.default\">\n\t\t\t\t<div class=\"elementor-widget-container\">\n\t\t\t\t\t<h3 class=\"elementor-heading-title elementor-size-default\">Badalona Centre Internacional de Negocis<\/h3>\t\t\t\t<\/div>\n\t\t\t\t<\/div>\n\t\t\t\t<div class=\"elementor-element elementor-element-ec975bf elementor-widget elementor-widget-text-editor\" data-id=\"ec975bf\" data-element_type=\"widget\" data-e-type=\"widget\" data-widget_type=\"text-editor.default\">\n\t\t\t\t<div class=\"elementor-widget-container\">\n\t\t\t\t\t\t\t\t\t<p>AFIRMA es troba a l&#039;edifici del centre de negocis \u201cBadalona Centre Internacional de Negocis\u201d (BCIN), al c\/ Marcus Porcius, 1, Pol\u00edgon &#039;Les Guixeres&#039;, 08915 Badalona.<\/p><p>\u00c9s un lloc de f\u00e0cil acc\u00e9s amb vehicle privat des de qualsevol punt del Barcelon\u00e8s i les comarques confrontants.<\/p><p>Per carretera, s&#039;hi accedeix a trav\u00e9s:<\/p><ul><li>De la C-31: Sortida 213<\/li><li>De la C-32: Des de Barcelona, sortida 22 i des de Matar\u00f3, sortida 23.<\/li><\/ul><p>Disposa d\u00b4una \u00e0mplia zona d\u00b4aparcament gratu\u00eft.<\/p>\t\t\t\t\t\t\t\t<\/div>\n\t\t\t\t<\/div>\n\t\t\t\t<\/div>\n\t\t<div class=\"elementor-element elementor-element-45e5beb e-con-full e-flex e-con e-child\" data-id=\"45e5beb\" data-element_type=\"container\" data-e-type=\"container\">\n\t\t\t\t<div class=\"elementor-element elementor-element-474c994 elementor-widget elementor-widget-text-editor\" data-id=\"474c994\" data-element_type=\"widget\" data-e-type=\"widget\" data-widget_type=\"text-editor.default\">\n\t\t\t\t<div class=\"elementor-widget-container\">\n\t\t\t\t\t\t\t\t\t<p>En estar integrat al Centre de Negocis, teniu a la vostra disposici\u00f3 diferents sales amb aforaments d&#039;entre 10 i 48 persones, dotades d&#039;equips audiovisuals que permeten celebrar reunions de treball, trobades i activitats formatives.<\/p><p>La pertinen\u00e7a al BCIN permet la possibilitat d&#039;accedir a la xarxa de sales de reunions ubicades a 30 ciutats d&#039;Espanya.<\/p><p>Per carretera, s&#039;hi accedeix a trav\u00e9s:<\/p><ul><li>De la C-31: Sortida 213<\/li><li>De la C-32: Des de Barcelona, sortida 22 i des de Matar\u00f3, sortida 23.<\/li><\/ul><p>Disposa d\u00b4una \u00e0mplia zona d\u00b4aparcament gratu\u00eft.<\/p><p>\u00a0<\/p>\t\t\t\t\t\t\t\t<\/div>\n\t\t\t\t<\/div>\n\t\t\t\t<\/div>\n\t\t\t\t\t<\/div>\n\t\t\t\t<\/div>\n\t\t\t\t<\/div>","protected":false},"excerpt":{"rendered":"<p>Afirma, Servicios Jur\u00eddicos y Mediaci\u00f3n Abogado Antonio L\u00f3pez Gallego Antonio L\u00f3pez Gallego es un abogado con m\u00e1s de treinta a\u00f1os [&hellip;]<\/p>\n","protected":false},"author":1,"featured_media":0,"parent":0,"menu_order":0,"comment_status":"closed","ping_status":"closed","template":"","meta":{"site-sidebar-layout":"no-sidebar","site-content-layout":"","ast-site-content-layout":"full-width-container","site-content-style":"default","site-sidebar-style":"default","ast-global-header-display":"disabled","ast-banner-title-visibility":"disabled","ast-main-header-display":"","ast-hfb-above-header-display":"","ast-hfb-below-header-display":"","ast-hfb-mobile-header-display":"","site-post-title":"disabled","ast-breadcrumbs-content":"","ast-featured-img":"disabled","footer-sml-layout":"disabled","ast-disable-related-posts":"","theme-transparent-header-meta":"","adv-header-id-meta":"","stick-header-meta":"","header-above-stick-meta":"","header-main-stick-meta":"","header-below-stick-meta":"","astra-migrate-meta-layouts":"default","ast-page-background-enabled":"default","ast-page-background-meta":{"desktop":{"background-color":"var(--ast-global-color-4)","background-image":"","background-repeat":"repeat","background-position":"center center","background-size":"auto","background-attachment":"scroll","background-type":"","background-media":"","overlay-type":"","overlay-color":"","overlay-opacity":"","overlay-gradient":""},"tablet":{"background-color":"","background-image":"","background-repeat":"repeat","background-position":"center center","background-size":"auto","background-attachment":"scroll","background-type":"","background-media":"","overlay-type":"","overlay-color":"","overlay-opacity":"","overlay-gradient":""},"mobile":{"background-color":"","background-image":"","background-repeat":"repeat","background-position":"center center","background-size":"auto","background-attachment":"scroll","background-type":"","background-media":"","overlay-type":"","overlay-color":"","overlay-opacity":"","overlay-gradient":""}},"ast-content-background-meta":{"desktop":{"background-color":"var(--ast-global-color-5)","background-image":"","background-repeat":"repeat","background-position":"center center","background-size":"auto","background-attachment":"scroll","background-type":"","background-media":"","overlay-type":"","overlay-color":"","overlay-opacity":"","overlay-gradient":""},"tablet":{"background-color":"var(--ast-global-color-5)","background-image":"","background-repeat":"repeat","background-position":"center center","background-size":"auto","background-attachment":"scroll","background-type":"","background-media":"","overlay-type":"","overlay-color":"","overlay-opacity":"","overlay-gradient":""},"mobile":{"background-color":"var(--ast-global-color-5)","background-image":"","background-repeat":"repeat","background-position":"center center","background-size":"auto","background-attachment":"scroll","background-type":"","background-media":"","overlay-type":"","overlay-color":"","overlay-opacity":"","overlay-gradient":""}},"footnotes":""},"class_list":["post-199","page","type-page","status-publish","hentry"],"yoast_head":"<!-- This site is optimized with the Yoast SEO plugin v27.5 - https:\/\/yoast.com\/product\/yoast-seo-wordpress\/ -->\n<title>Afirma, Servicios Jur\u00eddicos y Mediaci\u00f3n - Afirma Juridico<\/title>\n<meta name=\"robots\" content=\"index, follow, max-snippet:-1, max-image-preview:large, max-video-preview:-1\" \/>\n<link rel=\"canonical\" href=\"https:\/\/afirmajuridico.com\/cat\/afirma-servicios-juridicos-y-mediacion\/\" \/>\n<meta property=\"og:locale\" content=\"ca_ES\" \/>\n<meta property=\"og:type\" content=\"article\" \/>\n<meta property=\"og:title\" content=\"Afirma, Servicios Jur\u00eddicos y Mediaci\u00f3n - Afirma Juridico\" \/>\n<meta property=\"og:description\" content=\"Afirma, Servicios Jur\u00eddicos y Mediaci\u00f3n Abogado Antonio L\u00f3pez Gallego Antonio L\u00f3pez Gallego es un abogado con m\u00e1s de treinta a\u00f1os [&hellip;]\" \/>\n<meta property=\"og:url\" content=\"https:\/\/afirmajuridico.com\/cat\/afirma-servicios-juridicos-y-mediacion\/\" \/>\n<meta property=\"og:site_name\" content=\"Afirma Juridico\" \/>\n<meta property=\"article:modified_time\" content=\"2024-09-25T10:49:07+00:00\" \/>\n<meta property=\"og:image\" content=\"https:\/\/afirmajuridico.com\/wp-content\/uploads\/2024\/09\/DSC3961-768x1024.jpg\" \/>\n<meta name=\"twitter:card\" content=\"summary_large_image\" \/>\n<meta name=\"twitter:label1\" content=\"Temps estimat de lectura\" \/>\n\t<meta name=\"twitter:data1\" content=\"3 minuts\" \/>\n<script type=\"application\/ld+json\" class=\"yoast-schema-graph\">{\"@context\":\"https:\\\/\\\/schema.org\",\"@graph\":[{\"@type\":\"WebPage\",\"@id\":\"https:\\\/\\\/afirmajuridico.com\\\/afirma-servicios-juridicos-y-mediacion\\\/\",\"url\":\"https:\\\/\\\/afirmajuridico.com\\\/afirma-servicios-juridicos-y-mediacion\\\/\",\"name\":\"Afirma, Servicios Jur\u00eddicos y Mediaci\u00f3n - Afirma Juridico\",\"isPartOf\":{\"@id\":\"https:\\\/\\\/afirmajuridico.com\\\/#website\"},\"primaryImageOfPage\":{\"@id\":\"https:\\\/\\\/afirmajuridico.com\\\/afirma-servicios-juridicos-y-mediacion\\\/#primaryimage\"},\"image\":{\"@id\":\"https:\\\/\\\/afirmajuridico.com\\\/afirma-servicios-juridicos-y-mediacion\\\/#primaryimage\"},\"thumbnailUrl\":\"https:\\\/\\\/afirmajuridico.com\\\/wp-content\\\/uploads\\\/2024\\\/09\\\/DSC3961-768x1024.jpg\",\"datePublished\":\"2024-01-29T08:33:42+00:00\",\"dateModified\":\"2024-09-25T10:49:07+00:00\",\"breadcrumb\":{\"@id\":\"https:\\\/\\\/afirmajuridico.com\\\/afirma-servicios-juridicos-y-mediacion\\\/#breadcrumb\"},\"inLanguage\":\"ca\",\"potentialAction\":[{\"@type\":\"ReadAction\",\"target\":[\"https:\\\/\\\/afirmajuridico.com\\\/afirma-servicios-juridicos-y-mediacion\\\/\"]}]},{\"@type\":\"ImageObject\",\"inLanguage\":\"ca\",\"@id\":\"https:\\\/\\\/afirmajuridico.com\\\/afirma-servicios-juridicos-y-mediacion\\\/#primaryimage\",\"url\":\"https:\\\/\\\/afirmajuridico.com\\\/wp-content\\\/uploads\\\/2024\\\/09\\\/DSC3961-768x1024.jpg\",\"contentUrl\":\"https:\\\/\\\/afirmajuridico.com\\\/wp-content\\\/uploads\\\/2024\\\/09\\\/DSC3961-768x1024.jpg\"},{\"@type\":\"BreadcrumbList\",\"@id\":\"https:\\\/\\\/afirmajuridico.com\\\/afirma-servicios-juridicos-y-mediacion\\\/#breadcrumb\",\"itemListElement\":[{\"@type\":\"ListItem\",\"position\":1,\"name\":\"Portada\",\"item\":\"https:\\\/\\\/afirmajuridico.com\\\/\"},{\"@type\":\"ListItem\",\"position\":2,\"name\":\"Afirma, Servicios Jur\u00eddicos y Mediaci\u00f3n\"}]},{\"@type\":\"WebSite\",\"@id\":\"https:\\\/\\\/afirmajuridico.com\\\/#website\",\"url\":\"https:\\\/\\\/afirmajuridico.com\\\/\",\"name\":\"Afirma Juridico\",\"description\":\"\",\"potentialAction\":[{\"@type\":\"SearchAction\",\"target\":{\"@type\":\"EntryPoint\",\"urlTemplate\":\"https:\\\/\\\/afirmajuridico.com\\\/?s={search_term_string}\"},\"query-input\":{\"@type\":\"PropertyValueSpecification\",\"valueRequired\":true,\"valueName\":\"search_term_string\"}}],\"inLanguage\":\"ca\"}]}<\/script>\n<!-- \/ Yoast SEO plugin. -->","yoast_head_json":{"title":"Afirma, Serveis Jur\u00eddics i Mediaci\u00f3 - Afirma Juridico","robots":{"index":"index","follow":"follow","max-snippet":"max-snippet:-1","max-image-preview":"max-image-preview:large","max-video-preview":"max-video-preview:-1"},"canonical":"https:\/\/afirmajuridico.com\/cat\/afirma-servicios-juridicos-y-mediacion\/","og_locale":"ca_ES","og_type":"article","og_title":"Afirma, Servicios Jur\u00eddicos y Mediaci\u00f3n - Afirma Juridico","og_description":"Afirma, Servicios Jur\u00eddicos y Mediaci\u00f3n Abogado Antonio L\u00f3pez Gallego Antonio L\u00f3pez Gallego es un abogado con m\u00e1s de treinta a\u00f1os [&hellip;]","og_url":"https:\/\/afirmajuridico.com\/cat\/afirma-servicios-juridicos-y-mediacion\/","og_site_name":"Afirma Juridico","article_modified_time":"2024-09-25T10:49:07+00:00","og_image":[{"url":"https:\/\/afirmajuridico.com\/wp-content\/uploads\/2024\/09\/DSC3961-768x1024.jpg","type":"","width":"","height":""}],"twitter_card":"summary_large_image","twitter_misc":{"Temps estimat de lectura":"3 minuts"},"schema":{"@context":"https:\/\/schema.org","@graph":[{"@type":"WebPage","@id":"https:\/\/afirmajuridico.com\/afirma-servicios-juridicos-y-mediacion\/","url":"https:\/\/afirmajuridico.com\/afirma-servicios-juridicos-y-mediacion\/","name":"Afirma, Serveis Jur\u00eddics i Mediaci\u00f3 - Afirma Juridico","isPartOf":{"@id":"https:\/\/afirmajuridico.com\/#website"},"primaryImageOfPage":{"@id":"https:\/\/afirmajuridico.com\/afirma-servicios-juridicos-y-mediacion\/#primaryimage"},"image":{"@id":"https:\/\/afirmajuridico.com\/afirma-servicios-juridicos-y-mediacion\/#primaryimage"},"thumbnailUrl":"https:\/\/afirmajuridico.com\/wp-content\/uploads\/2024\/09\/DSC3961-768x1024.jpg","datePublished":"2024-01-29T08:33:42+00:00","dateModified":"2024-09-25T10:49:07+00:00","breadcrumb":{"@id":"https:\/\/afirmajuridico.com\/afirma-servicios-juridicos-y-mediacion\/#breadcrumb"},"inLanguage":"ca","potentialAction":[{"@type":"ReadAction","target":["https:\/\/afirmajuridico.com\/afirma-servicios-juridicos-y-mediacion\/"]}]},{"@type":"ImageObject","inLanguage":"ca","@id":"https:\/\/afirmajuridico.com\/afirma-servicios-juridicos-y-mediacion\/#primaryimage","url":"https:\/\/afirmajuridico.com\/wp-content\/uploads\/2024\/09\/DSC3961-768x1024.jpg","contentUrl":"https:\/\/afirmajuridico.com\/wp-content\/uploads\/2024\/09\/DSC3961-768x1024.jpg"},{"@type":"BreadcrumbList","@id":"https:\/\/afirmajuridico.com\/afirma-servicios-juridicos-y-mediacion\/#breadcrumb","itemListElement":[{"@type":"ListItem","position":1,"name":"Portada","item":"https:\/\/afirmajuridico.com\/"},{"@type":"ListItem","position":2,"name":"Afirma, Servicios Jur\u00eddicos y Mediaci\u00f3n"}]},{"@type":"WebSite","@id":"https:\/\/afirmajuridico.com\/#website","url":"https:\/\/afirmajuridico.com\/","name":"Afirma Juridico","description":"","potentialAction":[{"@type":"SearchAction","target":{"@type":"EntryPoint","urlTemplate":"https:\/\/afirmajuridico.com\/?s={search_term_string}"},"query-input":{"@type":"PropertyValueSpecification","valueRequired":true,"valueName":"search_term_string"}}],"inLanguage":"ca"}]}},"_links":{"self":[{"href":"https:\/\/afirmajuridico.com\/cat\/wp-json\/wp\/v2\/pages\/199","targetHints":{"allow":["GET"]}}],"collection":[{"href":"https:\/\/afirmajuridico.com\/cat\/wp-json\/wp\/v2\/pages"}],"about":[{"href":"https:\/\/afirmajuridico.com\/cat\/wp-json\/wp\/v2\/types\/page"}],"author":[{"embeddable":true,"href":"https:\/\/afirmajuridico.com\/cat\/wp-json\/wp\/v2\/users\/1"}],"replies":[{"embeddable":true,"href":"https:\/\/afirmajuridico.com\/cat\/wp-json\/wp\/v2\/comments?post=199"}],"version-history":[{"count":10,"href":"https:\/\/afirmajuridico.com\/cat\/wp-json\/wp\/v2\/pages\/199\/revisions"}],"predecessor-version":[{"id":1733,"href":"https:\/\/afirmajuridico.com\/cat\/wp-json\/wp\/v2\/pages\/199\/revisions\/1733"}],"wp:attachment":[{"href":"https:\/\/afirmajuridico.com\/cat\/wp-json\/wp\/v2\/media?parent=199"}],"curies":[{"name":"wp","href":"https:\/\/api.w.org\/{rel}","templated":true}]}}